{"id":338,"date":"2021-10-21T15:30:37","date_gmt":"2021-10-21T13:30:37","guid":{"rendered":"https:\/\/garden-elysee.ms.decms.eu\/?page_id=338"},"modified":"2022-05-19T11:16:58","modified_gmt":"2022-05-19T09:16:58","slug":"habitaciones-y-suites","status":"publish","type":"page","link":"https:\/\/www.paris-hotel-gardenelysee.com\/es\/habitaciones-y-suites\/","title":{"rendered":"Habitaciones &amp; Suites"},"content":{"rendered":"<p style=\"text-align: center\">Descubra su refugio entre las 46 habitaciones y suites del Hotel Garden \u00c9lys\u00e9e.<\/p>\n<p style=\"text-align: center\">Los colores relajantes y los motivos naturales contribuyen al dise\u00f1o refinado y evocan el jard\u00edn.<br \/>\nLa madera del \u00e1rbol se revela, cortezas y surcos adornan su habitaci\u00f3n, iluminada con notas de verde suave y ciruela.<br \/>\nLa paz est\u00e1 asegurada bajo su ventana con vistas al verde patio o al jard\u00edn.<br \/>\nPara que disfrute de una mayor comodidad, las suites cuentan con un espacio de sal\u00f3n.<\/p>\n","protected":false},"excerpt":{"rendered":"<p>Descubra su refugio entre las 46 habitaciones y suites del Hotel Garden \u00c9lys\u00e9e. Los colores relajantes y los motivos naturales contribuyen al dise\u00f1o refinado y evocan el jard\u00edn. La madera del \u00e1rbol se revela, cortezas y surcos adornan su habitaci\u00f3n, iluminada con notas de verde suave y ciruela. La paz est\u00e1 asegurada bajo su ventana [&hellip;]<\/p>\n","protected":false},"author":15,"featured_media":0,"parent":0,"menu_order":0,"comment_status":"closed","ping_status":"closed","template":"template-rooms.php","meta":{"footnotes":""},"class_list":["post-338","page","type-page","status-publish","hentry"],"yoast_head":"<!-- This site is optimized with the Yoast SEO plugin v26.9 - https:\/\/yoast.com\/product\/yoast-seo-wordpress\/ -->\n<title>Habitaciones y suites - Hotel Garden \u00c9lys\u00e9e - Centro de Par\u00eds<\/title>\n<meta name=\"description\" content=\"Reserve una habitaci\u00f3n o suite tranquila y silenciosa en este hotel de 4 estrellas en el distrito 16. Su jard\u00edn le garantiza una perfecta tranquilidad.\" \/>\n<meta name=\"robots\" content=\"index, follow, max-snippet:-1, max-image-preview:large, max-video-preview:-1\" \/>\n<link rel=\"canonical\" href=\"https:\/\/www.paris-hotel-gardenelysee.com\/es\/habitaciones-y-suites\/\" \/>\n<meta property=\"og:locale\" content=\"es_ES\" \/>\n<meta property=\"og:type\" content=\"article\" \/>\n<meta property=\"og:title\" content=\"Habitaciones y suites - Hotel Garden \u00c9lys\u00e9e - Centro de Par\u00eds\" \/>\n<meta property=\"og:description\" content=\"Reserve una habitaci\u00f3n o suite tranquila y silenciosa en este hotel de 4 estrellas en el distrito 16. Su jard\u00edn le garantiza una perfecta tranquilidad.\" \/>\n<meta property=\"og:url\" content=\"https:\/\/www.paris-hotel-gardenelysee.com\/es\/habitaciones-y-suites\/\" \/>\n<meta property=\"og:site_name\" content=\"Garden Elysee\" \/>\n<meta property=\"article:modified_time\" content=\"2022-05-19T09:16:58+00:00\" \/>\n<meta name=\"twitter:card\" content=\"summary_large_image\" \/>\n<meta name=\"twitter:label1\" content=\"Tiempo de lectura\" \/>\n\t<meta name=\"twitter:data1\" content=\"1 minuto\" \/>\n<script type=\"application\/ld+json\" class=\"yoast-schema-graph\">{\"@context\":\"https:\/\/schema.org\",\"@graph\":[{\"@type\":\"WebPage\",\"@id\":\"https:\/\/www.paris-hotel-gardenelysee.com\/es\/habitaciones-y-suites\/\",\"url\":\"https:\/\/www.paris-hotel-gardenelysee.com\/es\/habitaciones-y-suites\/\",\"name\":\"Habitaciones y suites - Hotel Garden \u00c9lys\u00e9e - Centro de Par\u00eds\",\"isPartOf\":{\"@id\":\"https:\/\/www.paris-hotel-gardenelysee.com\/es\/#website\"},\"datePublished\":\"2021-10-21T13:30:37+00:00\",\"dateModified\":\"2022-05-19T09:16:58+00:00\",\"description\":\"Reserve una habitaci\u00f3n o suite tranquila y silenciosa en este hotel de 4 estrellas en el distrito 16. Su jard\u00edn le garantiza una perfecta tranquilidad.\",\"breadcrumb\":{\"@id\":\"https:\/\/www.paris-hotel-gardenelysee.com\/es\/habitaciones-y-suites\/#breadcrumb\"},\"inLanguage\":\"es\",\"potentialAction\":[{\"@type\":\"ReadAction\",\"target\":[\"https:\/\/www.paris-hotel-gardenelysee.com\/es\/habitaciones-y-suites\/\"]}]},{\"@type\":\"BreadcrumbList\",\"@id\":\"https:\/\/www.paris-hotel-gardenelysee.com\/es\/habitaciones-y-suites\/#breadcrumb\",\"itemListElement\":[{\"@type\":\"ListItem\",\"position\":1,\"name\":\"Accueil\",\"item\":\"https:\/\/www.paris-hotel-gardenelysee.com\/es\/\"},{\"@type\":\"ListItem\",\"position\":2,\"name\":\"Habitaciones &amp; Suites\"}]},{\"@type\":\"WebSite\",\"@id\":\"https:\/\/www.paris-hotel-gardenelysee.com\/es\/#website\",\"url\":\"https:\/\/www.paris-hotel-gardenelysee.com\/es\/\",\"name\":\"Garden Elysee\",\"description\":\"\",\"potentialAction\":[{\"@type\":\"SearchAction\",\"target\":{\"@type\":\"EntryPoint\",\"urlTemplate\":\"https:\/\/www.paris-hotel-gardenelysee.com\/es\/?s={search_term_string}\"},\"query-input\":{\"@type\":\"PropertyValueSpecification\",\"valueRequired\":true,\"valueName\":\"search_term_string\"}}],\"inLanguage\":\"es\"}]}<\/script>\n<!-- \/ Yoast SEO plugin. -->","yoast_head_json":{"title":"Habitaciones y suites - Hotel Garden \u00c9lys\u00e9e - Centro de Par\u00eds","description":"Reserve una habitaci\u00f3n o suite tranquila y silenciosa en este hotel de 4 estrellas en el distrito 16. Su jard\u00edn le garantiza una perfecta tranquilidad.","robots":{"index":"index","follow":"follow","max-snippet":"max-snippet:-1","max-image-preview":"max-image-preview:large","max-video-preview":"max-video-preview:-1"},"canonical":"https:\/\/www.paris-hotel-gardenelysee.com\/es\/habitaciones-y-suites\/","og_locale":"es_ES","og_type":"article","og_title":"Habitaciones y suites - Hotel Garden \u00c9lys\u00e9e - Centro de Par\u00eds","og_description":"Reserve una habitaci\u00f3n o suite tranquila y silenciosa en este hotel de 4 estrellas en el distrito 16. Su jard\u00edn le garantiza una perfecta tranquilidad.","og_url":"https:\/\/www.paris-hotel-gardenelysee.com\/es\/habitaciones-y-suites\/","og_site_name":"Garden Elysee","article_modified_time":"2022-05-19T09:16:58+00:00","twitter_card":"summary_large_image","twitter_misc":{"Tiempo de lectura":"1 minuto"},"schema":{"@context":"https:\/\/schema.org","@graph":[{"@type":"WebPage","@id":"https:\/\/www.paris-hotel-gardenelysee.com\/es\/habitaciones-y-suites\/","url":"https:\/\/www.paris-hotel-gardenelysee.com\/es\/habitaciones-y-suites\/","name":"Habitaciones y suites - Hotel Garden \u00c9lys\u00e9e - Centro de Par\u00eds","isPartOf":{"@id":"https:\/\/www.paris-hotel-gardenelysee.com\/es\/#website"},"datePublished":"2021-10-21T13:30:37+00:00","dateModified":"2022-05-19T09:16:58+00:00","description":"Reserve una habitaci\u00f3n o suite tranquila y silenciosa en este hotel de 4 estrellas en el distrito 16. Su jard\u00edn le garantiza una perfecta tranquilidad.","breadcrumb":{"@id":"https:\/\/www.paris-hotel-gardenelysee.com\/es\/habitaciones-y-suites\/#breadcrumb"},"inLanguage":"es","potentialAction":[{"@type":"ReadAction","target":["https:\/\/www.paris-hotel-gardenelysee.com\/es\/habitaciones-y-suites\/"]}]},{"@type":"BreadcrumbList","@id":"https:\/\/www.paris-hotel-gardenelysee.com\/es\/habitaciones-y-suites\/#breadcrumb","itemListElement":[{"@type":"ListItem","position":1,"name":"Accueil","item":"https:\/\/www.paris-hotel-gardenelysee.com\/es\/"},{"@type":"ListItem","position":2,"name":"Habitaciones &amp; Suites"}]},{"@type":"WebSite","@id":"https:\/\/www.paris-hotel-gardenelysee.com\/es\/#website","url":"https:\/\/www.paris-hotel-gardenelysee.com\/es\/","name":"Garden Elysee","description":"","potentialAction":[{"@type":"SearchAction","target":{"@type":"EntryPoint","urlTemplate":"https:\/\/www.paris-hotel-gardenelysee.com\/es\/?s={search_term_string}"},"query-input":{"@type":"PropertyValueSpecification","valueRequired":true,"valueName":"search_term_string"}}],"inLanguage":"es"}]}},"acf":[],"_links":{"self":[{"href":"https:\/\/www.paris-hotel-gardenelysee.com\/es\/wp-json\/wp\/v2\/pages\/338","targetHints":{"allow":["GET"]}}],"collection":[{"href":"https:\/\/www.paris-hotel-gardenelysee.com\/es\/wp-json\/wp\/v2\/pages"}],"about":[{"href":"https:\/\/www.paris-hotel-gardenelysee.com\/es\/wp-json\/wp\/v2\/types\/page"}],"author":[{"embeddable":true,"href":"https:\/\/www.paris-hotel-gardenelysee.com\/es\/wp-json\/wp\/v2\/users\/15"}],"replies":[{"embeddable":true,"href":"https:\/\/www.paris-hotel-gardenelysee.com\/es\/wp-json\/wp\/v2\/comments?post=338"}],"version-history":[{"count":0,"href":"https:\/\/www.paris-hotel-gardenelysee.com\/es\/wp-json\/wp\/v2\/pages\/338\/revisions"}],"wp:attachment":[{"href":"https:\/\/www.paris-hotel-gardenelysee.com\/es\/wp-json\/wp\/v2\/media?parent=338"}],"curies":[{"name":"wp","href":"https:\/\/api.w.org\/{rel}","templated":true}]}}